{"id":125445,"date":"2020-10-20T22:23:40","date_gmt":"2020-10-20T22:23:40","guid":{"rendered":"https:\/\/genclercanta.com\/urunler\/outdoor-rucksack-mit-militaerischem-geometrie-motiv\/"},"modified":"2020-10-20T22:23:40","modified_gmt":"2020-10-20T22:23:40","slug":"outdoor-rucksack-mit-militaerischem-geometrie-motiv","status":"publish","type":"product","link":"https:\/\/genclercanta.com\/de\/urunler\/outdoor-rucksack-mit-militaerischem-geometrie-motiv\/","title":{"rendered":"Outdoor-Rucksack mit milit\u00e4rischem Geometrie-Motiv"},"content":{"rendered":"<p>Outdoor-Rucksack<\/p>\n<p>Fudela stellt die Vorstellung infrage, dass Rucks\u00e4cke nur zum Transportieren von Habseligkeiten da sind, und bietet stylische, moderne und auff\u00e4llige Designs. Neben ihrer praktischen und komfortablen Funktion gibt Ihnen Fudela die M\u00f6glichkeit, Ihre Pers\u00f6nlichkeit auszudr\u00fccken. Zeigen Sie sich der Welt mit einem Fudela!<\/p>\n<p>Eigenschaften:<\/p>\n<p>\u2013 Strapazierf\u00e4higes Premium-Polyestergewebe<\/p>\n<p>\u2013 Gepolsterte und verstellbare Schultergurte<\/p>\n<p>\u2013 Zus\u00e4tzliche R\u00fcckenpolsterung<\/p>\n<p>\u2013 Gro\u00dfe Vordertasche<\/p>\n<p>\u2013 Tragegriff<\/p>\n<p>Ma\u00dfe: 15 x 32 x 41 cm<\/p>\n<p>Innenvolumen: 12 l<\/p>\n","protected":false},"excerpt":{"rendered":"<p>Outdoor-Rucksack mit milit\u00e4rischem Geometrie-Motiv<\/p>\n","protected":false},"featured_media":95205,"comment_status":"closed","ping_status":"closed","template":"","meta":[],"product_brand":[],"product_cat":[602],"product_tag":[908,906,837,907],"class_list":{"0":"post-125445","1":"product","2":"type-product","3":"status-publish","4":"has-post-thumbnail","6":"product_cat-outdoor-de","7":"product_tag-bindung","8":"product_tag-fudela-de","9":"product_tag-rucksack","10":"product_tag-tasche","12":"first","13":"instock","14":"shipping-taxable","15":"purchasable","16":"product-type-simple"},"yoast_head":"<!-- This site is optimized with the Yoast SEO plugin v26.3 - https:\/\/yoast.com\/wordpress\/plugins\/seo\/ -->\n<title>Outdoor-Rucksack mit milit\u00e4rischem Geometrie-Motiv - Promosyon \u00c7anta imalat\u0131, \u00dcretimi, \u00c7anta imalat\u00e7\u0131s\u0131 \u00dcreticisi istanbul<\/title>\n<meta name=\"description\" content=\"Outdoor-Rucksack mit milit\u00e4rischem Geometrie-Motiv\" \/>\n<meta name=\"robots\" content=\"index, follow, max-snippet:-1, max-image-preview:large, max-video-preview:-1\" \/>\n<link rel=\"canonical\" href=\"https:\/\/genclercanta.com\/de\/urunler\/outdoor-rucksack-mit-militaerischem-geometrie-motiv\/\" \/>\n<meta property=\"og:locale\" content=\"de_DE\" \/>\n<meta property=\"og:type\" content=\"article\" \/>\n<meta property=\"og:title\" content=\"Outdoor-Rucksack mit milit\u00e4rischem Geometrie-Motiv - Promosyon \u00c7anta imalat\u0131, \u00dcretimi, \u00c7anta imalat\u00e7\u0131s\u0131 \u00dcreticisi istanbul\" \/>\n<meta property=\"og:description\" content=\"Outdoor-Rucksack mit milit\u00e4rischem Geometrie-Motiv\" \/>\n<meta property=\"og:url\" content=\"https:\/\/genclercanta.com\/de\/urunler\/outdoor-rucksack-mit-militaerischem-geometrie-motiv\/\" \/>\n<meta property=\"og:site_name\" content=\"Promosyon \u00c7anta imalat\u0131, \u00dcretimi, \u00c7anta imalat\u00e7\u0131s\u0131 \u00dcreticisi istanbul\" \/>\n<meta property=\"article:publisher\" content=\"https:\/\/www.facebook.com\/GenclerCantacom\/\" \/>\n<meta property=\"og:image\" content=\"https:\/\/genclercanta.com\/wp-content\/uploads\/2020\/10\/1-6.jpg\" \/>\n\t<meta property=\"og:image:width\" content=\"600\" \/>\n\t<meta property=\"og:image:height\" content=\"500\" \/>\n\t<meta property=\"og:image:type\" content=\"image\/jpeg\" \/>\n<script type=\"application\/ld+json\" class=\"yoast-schema-graph\">{\"@context\":\"https:\/\/schema.org\",\"@graph\":[{\"@type\":\"WebPage\",\"@id\":\"https:\/\/genclercanta.com\/de\/urunler\/outdoor-rucksack-mit-militaerischem-geometrie-motiv\/\",\"url\":\"https:\/\/genclercanta.com\/de\/urunler\/outdoor-rucksack-mit-militaerischem-geometrie-motiv\/\",\"name\":\"Outdoor-Rucksack mit milit\u00e4rischem Geometrie-Motiv - Promosyon \u00c7anta imalat\u0131, \u00dcretimi, \u00c7anta imalat\u00e7\u0131s\u0131 \u00dcreticisi istanbul\",\"isPartOf\":{\"@id\":\"https:\/\/genclercanta.com\/de\/#website\"},\"primaryImageOfPage\":{\"@id\":\"https:\/\/genclercanta.com\/de\/urunler\/outdoor-rucksack-mit-militaerischem-geometrie-motiv\/#primaryimage\"},\"image\":{\"@id\":\"https:\/\/genclercanta.com\/de\/urunler\/outdoor-rucksack-mit-militaerischem-geometrie-motiv\/#primaryimage\"},\"thumbnailUrl\":\"https:\/\/genclercanta.com\/wp-content\/uploads\/2020\/10\/1-6.jpg\",\"datePublished\":\"2020-10-20T22:23:40+00:00\",\"description\":\"Outdoor-Rucksack mit milit\u00e4rischem Geometrie-Motiv\",\"breadcrumb\":{\"@id\":\"https:\/\/genclercanta.com\/de\/urunler\/outdoor-rucksack-mit-militaerischem-geometrie-motiv\/#breadcrumb\"},\"inLanguage\":\"de\",\"potentialAction\":[{\"@type\":\"ReadAction\",\"target\":[\"https:\/\/genclercanta.com\/de\/urunler\/outdoor-rucksack-mit-militaerischem-geometrie-motiv\/\"]}]},{\"@type\":\"ImageObject\",\"inLanguage\":\"de\",\"@id\":\"https:\/\/genclercanta.com\/de\/urunler\/outdoor-rucksack-mit-militaerischem-geometrie-motiv\/#primaryimage\",\"url\":\"https:\/\/genclercanta.com\/wp-content\/uploads\/2020\/10\/1-6.jpg\",\"contentUrl\":\"https:\/\/genclercanta.com\/wp-content\/uploads\/2020\/10\/1-6.jpg\",\"width\":600,\"height\":500,\"caption\":\"Toptan Tasar\u0131m S\u0131rt \u00c7antalar\u0131\"},{\"@type\":\"BreadcrumbList\",\"@id\":\"https:\/\/genclercanta.com\/de\/urunler\/outdoor-rucksack-mit-militaerischem-geometrie-motiv\/#breadcrumb\",\"itemListElement\":[{\"@type\":\"ListItem\",\"position\":1,\"name\":\"Ana sayfa\",\"item\":\"https:\/\/genclercanta.com\/de\/startseite\/\"},{\"@type\":\"ListItem\",\"position\":2,\"name\":\"Shop\",\"item\":\"https:\/\/genclercanta.com\/de\/shop\/\"},{\"@type\":\"ListItem\",\"position\":3,\"name\":\"Outdoor-Rucksack mit milit\u00e4rischem Geometrie-Motiv\"}]},{\"@type\":\"WebSite\",\"@id\":\"https:\/\/genclercanta.com\/de\/#website\",\"url\":\"https:\/\/genclercanta.com\/de\/\",\"name\":\"Promosyon \u00c7anta imalat\u0131, \u00dcretimi, \u00c7anta imalat\u00e7\u0131s\u0131 \u00dcreticisi istanbul\",\"description\":\"T\u00fcrkiyenin Toptan, Promosyon \u00c7anta \u0130malat\u00e7\u0131s\u0131\",\"publisher\":{\"@id\":\"https:\/\/genclercanta.com\/de\/#organization\"},\"alternateName\":\"Gen\u00e7ler \u00c7anta\",\"potentialAction\":[{\"@type\":\"SearchAction\",\"target\":{\"@type\":\"EntryPoint\",\"urlTemplate\":\"https:\/\/genclercanta.com\/de\/?s={search_term_string}\"},\"query-input\":{\"@type\":\"PropertyValueSpecification\",\"valueRequired\":true,\"valueName\":\"search_term_string\"}}],\"inLanguage\":\"de\"},{\"@type\":\"Organization\",\"@id\":\"https:\/\/genclercanta.com\/de\/#organization\",\"name\":\"Promosyon \u00c7anta imalat\u0131, \u00dcretimi, \u00c7anta imalat\u00e7\u0131s\u0131 \u00dcreticisi istanbul\",\"alternateName\":\"Gen\u00e7ler \u00c7anta\",\"url\":\"https:\/\/genclercanta.com\/de\/\",\"logo\":{\"@type\":\"ImageObject\",\"inLanguage\":\"de\",\"@id\":\"https:\/\/genclercanta.com\/de\/#\/schema\/logo\/image\/\",\"url\":\"https:\/\/genclercanta.com\/wp-content\/uploads\/2020\/10\/gencler-canta-logo.jpg\",\"contentUrl\":\"https:\/\/genclercanta.com\/wp-content\/uploads\/2020\/10\/gencler-canta-logo.jpg\",\"width\":600,\"height\":133,\"caption\":\"Promosyon \u00c7anta imalat\u0131, \u00dcretimi, \u00c7anta imalat\u00e7\u0131s\u0131 \u00dcreticisi istanbul\"},\"image\":{\"@id\":\"https:\/\/genclercanta.com\/de\/#\/schema\/logo\/image\/\"},\"sameAs\":[\"https:\/\/www.facebook.com\/GenclerCantacom\/\",\"https:\/\/www.instagram.com\/genclercanta\/\"]}]}<\/script>\n<!-- \/ Yoast SEO plugin. -->","yoast_head_json":{"title":"Outdoor-Rucksack mit milit\u00e4rischem Geometrie-Motiv - Promosyon \u00c7anta imalat\u0131, \u00dcretimi, \u00c7anta imalat\u00e7\u0131s\u0131 \u00dcreticisi istanbul","description":"Outdoor-Rucksack mit milit\u00e4rischem Geometrie-Motiv","robots":{"index":"index","follow":"follow","max-snippet":"max-snippet:-1","max-image-preview":"max-image-preview:large","max-video-preview":"max-video-preview:-1"},"canonical":"https:\/\/genclercanta.com\/de\/urunler\/outdoor-rucksack-mit-militaerischem-geometrie-motiv\/","og_locale":"de_DE","og_type":"article","og_title":"Outdoor-Rucksack mit milit\u00e4rischem Geometrie-Motiv - Promosyon \u00c7anta imalat\u0131, \u00dcretimi, \u00c7anta imalat\u00e7\u0131s\u0131 \u00dcreticisi istanbul","og_description":"Outdoor-Rucksack mit milit\u00e4rischem Geometrie-Motiv","og_url":"https:\/\/genclercanta.com\/de\/urunler\/outdoor-rucksack-mit-militaerischem-geometrie-motiv\/","og_site_name":"Promosyon \u00c7anta imalat\u0131, \u00dcretimi, \u00c7anta imalat\u00e7\u0131s\u0131 \u00dcreticisi istanbul","article_publisher":"https:\/\/www.facebook.com\/GenclerCantacom\/","og_image":[{"width":600,"height":500,"url":"https:\/\/genclercanta.com\/wp-content\/uploads\/2020\/10\/1-6.jpg","type":"image\/jpeg"}],"schema":{"@context":"https:\/\/schema.org","@graph":[{"@type":"WebPage","@id":"https:\/\/genclercanta.com\/de\/urunler\/outdoor-rucksack-mit-militaerischem-geometrie-motiv\/","url":"https:\/\/genclercanta.com\/de\/urunler\/outdoor-rucksack-mit-militaerischem-geometrie-motiv\/","name":"Outdoor-Rucksack mit milit\u00e4rischem Geometrie-Motiv - Promosyon \u00c7anta imalat\u0131, \u00dcretimi, \u00c7anta imalat\u00e7\u0131s\u0131 \u00dcreticisi istanbul","isPartOf":{"@id":"https:\/\/genclercanta.com\/de\/#website"},"primaryImageOfPage":{"@id":"https:\/\/genclercanta.com\/de\/urunler\/outdoor-rucksack-mit-militaerischem-geometrie-motiv\/#primaryimage"},"image":{"@id":"https:\/\/genclercanta.com\/de\/urunler\/outdoor-rucksack-mit-militaerischem-geometrie-motiv\/#primaryimage"},"thumbnailUrl":"https:\/\/genclercanta.com\/wp-content\/uploads\/2020\/10\/1-6.jpg","datePublished":"2020-10-20T22:23:40+00:00","description":"Outdoor-Rucksack mit milit\u00e4rischem Geometrie-Motiv","breadcrumb":{"@id":"https:\/\/genclercanta.com\/de\/urunler\/outdoor-rucksack-mit-militaerischem-geometrie-motiv\/#breadcrumb"},"inLanguage":"de","potentialAction":[{"@type":"ReadAction","target":["https:\/\/genclercanta.com\/de\/urunler\/outdoor-rucksack-mit-militaerischem-geometrie-motiv\/"]}]},{"@type":"ImageObject","inLanguage":"de","@id":"https:\/\/genclercanta.com\/de\/urunler\/outdoor-rucksack-mit-militaerischem-geometrie-motiv\/#primaryimage","url":"https:\/\/genclercanta.com\/wp-content\/uploads\/2020\/10\/1-6.jpg","contentUrl":"https:\/\/genclercanta.com\/wp-content\/uploads\/2020\/10\/1-6.jpg","width":600,"height":500,"caption":"Toptan Tasar\u0131m S\u0131rt \u00c7antalar\u0131"},{"@type":"BreadcrumbList","@id":"https:\/\/genclercanta.com\/de\/urunler\/outdoor-rucksack-mit-militaerischem-geometrie-motiv\/#breadcrumb","itemListElement":[{"@type":"ListItem","position":1,"name":"Ana sayfa","item":"https:\/\/genclercanta.com\/de\/startseite\/"},{"@type":"ListItem","position":2,"name":"Shop","item":"https:\/\/genclercanta.com\/de\/shop\/"},{"@type":"ListItem","position":3,"name":"Outdoor-Rucksack mit milit\u00e4rischem Geometrie-Motiv"}]},{"@type":"WebSite","@id":"https:\/\/genclercanta.com\/de\/#website","url":"https:\/\/genclercanta.com\/de\/","name":"Promosyon \u00c7anta imalat\u0131, \u00dcretimi, \u00c7anta imalat\u00e7\u0131s\u0131 \u00dcreticisi istanbul","description":"T\u00fcrkiyenin Toptan, Promosyon \u00c7anta \u0130malat\u00e7\u0131s\u0131","publisher":{"@id":"https:\/\/genclercanta.com\/de\/#organization"},"alternateName":"Gen\u00e7ler \u00c7anta","potentialAction":[{"@type":"SearchAction","target":{"@type":"EntryPoint","urlTemplate":"https:\/\/genclercanta.com\/de\/?s={search_term_string}"},"query-input":{"@type":"PropertyValueSpecification","valueRequired":true,"valueName":"search_term_string"}}],"inLanguage":"de"},{"@type":"Organization","@id":"https:\/\/genclercanta.com\/de\/#organization","name":"Promosyon \u00c7anta imalat\u0131, \u00dcretimi, \u00c7anta imalat\u00e7\u0131s\u0131 \u00dcreticisi istanbul","alternateName":"Gen\u00e7ler \u00c7anta","url":"https:\/\/genclercanta.com\/de\/","logo":{"@type":"ImageObject","inLanguage":"de","@id":"https:\/\/genclercanta.com\/de\/#\/schema\/logo\/image\/","url":"https:\/\/genclercanta.com\/wp-content\/uploads\/2020\/10\/gencler-canta-logo.jpg","contentUrl":"https:\/\/genclercanta.com\/wp-content\/uploads\/2020\/10\/gencler-canta-logo.jpg","width":600,"height":133,"caption":"Promosyon \u00c7anta imalat\u0131, \u00dcretimi, \u00c7anta imalat\u00e7\u0131s\u0131 \u00dcreticisi istanbul"},"image":{"@id":"https:\/\/genclercanta.com\/de\/#\/schema\/logo\/image\/"},"sameAs":["https:\/\/www.facebook.com\/GenclerCantacom\/","https:\/\/www.instagram.com\/genclercanta\/"]}]}},"_links":{"self":[{"href":"https:\/\/genclercanta.com\/de\/wp-json\/wp\/v2\/product\/125445","targetHints":{"allow":["GET"]}}],"collection":[{"href":"https:\/\/genclercanta.com\/de\/wp-json\/wp\/v2\/product"}],"about":[{"href":"https:\/\/genclercanta.com\/de\/wp-json\/wp\/v2\/types\/product"}],"replies":[{"embeddable":true,"href":"https:\/\/genclercanta.com\/de\/wp-json\/wp\/v2\/comments?post=125445"}],"wp:featuredmedia":[{"embeddable":true,"href":"https:\/\/genclercanta.com\/de\/wp-json\/wp\/v2\/media\/95205"}],"wp:attachment":[{"href":"https:\/\/genclercanta.com\/de\/wp-json\/wp\/v2\/media?parent=125445"}],"wp:term":[{"taxonomy":"product_brand","embeddable":true,"href":"https:\/\/genclercanta.com\/de\/wp-json\/wp\/v2\/product_brand?post=125445"},{"taxonomy":"product_cat","embeddable":true,"href":"https:\/\/genclercanta.com\/de\/wp-json\/wp\/v2\/product_cat?post=125445"},{"taxonomy":"product_tag","embeddable":true,"href":"https:\/\/genclercanta.com\/de\/wp-json\/wp\/v2\/product_tag?post=125445"}],"curies":[{"name":"wp","href":"https:\/\/api.w.org\/{rel}","templated":true}]}}