{"id":128603,"date":"2020-10-20T21:47:29","date_gmt":"2020-10-20T21:47:29","guid":{"rendered":"https:\/\/genclercanta.com\/urunler\/inq-grau-schwarzer-rucksack\/"},"modified":"2020-10-20T21:47:29","modified_gmt":"2020-10-20T21:47:29","slug":"inq-grau-schwarzer-rucksack","status":"publish","type":"product","link":"https:\/\/genclercanta.com\/de\/urunler\/inq-grau-schwarzer-rucksack\/","title":{"rendered":"INQ GRAU-SCHWARZER RUCKSACK"},"content":{"rendered":"<p>INQ RUCKSACK<\/p>\n<p>Fudela m\u00f6chte die Wahrnehmung von Rucks\u00e4cken als blo\u00dfe Transportmittel ver\u00e4ndern und bietet stilvolle, moderne und auff\u00e4llige Designs. Neben ihrer praktischen und komfortablen Funktion gibt Ihnen Fudela die M\u00f6glichkeit, Ihre Pers\u00f6nlichkeit auszudr\u00fccken. Zeigen Sie der Welt, wer Sie sind \u2013 mit einem Fudela!<\/p>\n<p>Eigenschaften:<\/p>\n<p>\u2013 Strapazierf\u00e4higes Premium-Polyestergewebe<\/p>\n<p>\u2013 Gepolsterte und verstellbare Schultergurte<\/p>\n<p>\u2013 Zus\u00e4tzliche R\u00fcckenpolsterung<\/p>\n<p>\u2013 Gro\u00dfe Vordertasche<\/p>\n<p>\u2013 Mittiger Verschlussknopf<\/p>\n<p>\u2013 Tragegriff<\/p>\n<p>\u2013 Internes Laptopfach<\/p>\n<p>Ma\u00dfe: 12 x 30 x 43 cm<\/p>\n<p>Innenvolumen: 18 l<\/p>\n","protected":false},"excerpt":{"rendered":"<p>INQ GRAU-SCHWARZER RUCKSACK<\/p>\n","protected":false},"featured_media":52307,"comment_status":"closed","ping_status":"closed","template":"","meta":[],"product_brand":[],"product_cat":[504],"product_tag":[837,907],"class_list":{"0":"post-128603","1":"product","2":"type-product","3":"status-publish","4":"has-post-thumbnail","6":"product_cat-inq-de","7":"product_tag-rucksack","8":"product_tag-tasche","10":"first","11":"instock","12":"shipping-taxable","13":"purchasable","14":"product-type-simple"},"yoast_head":"<!-- This site is optimized with the Yoast SEO plugin v26.3 - https:\/\/yoast.com\/wordpress\/plugins\/seo\/ -->\n<title>INQ GRAU-SCHWARZER RUCKSACK - Promosyon \u00c7anta imalat\u0131, \u00dcretimi, \u00c7anta imalat\u00e7\u0131s\u0131 \u00dcreticisi istanbul<\/title>\n<meta name=\"description\" content=\"INQ GRAU-SCHWARZER RUCKSACK\" \/>\n<meta name=\"robots\" content=\"index, follow, max-snippet:-1, max-image-preview:large, max-video-preview:-1\" \/>\n<link rel=\"canonical\" href=\"https:\/\/genclercanta.com\/de\/urunler\/inq-grau-schwarzer-rucksack\/\" \/>\n<meta property=\"og:locale\" content=\"de_DE\" \/>\n<meta property=\"og:type\" content=\"article\" \/>\n<meta property=\"og:title\" content=\"INQ GRAU-SCHWARZER RUCKSACK - Promosyon \u00c7anta imalat\u0131, \u00dcretimi, \u00c7anta imalat\u00e7\u0131s\u0131 \u00dcreticisi istanbul\" \/>\n<meta property=\"og:description\" content=\"INQ GRAU-SCHWARZER RUCKSACK\" \/>\n<meta property=\"og:url\" content=\"https:\/\/genclercanta.com\/de\/urunler\/inq-grau-schwarzer-rucksack\/\" \/>\n<meta property=\"og:site_name\" content=\"Promosyon \u00c7anta imalat\u0131, \u00dcretimi, \u00c7anta imalat\u00e7\u0131s\u0131 \u00dcreticisi istanbul\" \/>\n<meta property=\"article:publisher\" content=\"https:\/\/www.facebook.com\/GenclerCantacom\/\" \/>\n<meta property=\"og:image\" content=\"https:\/\/genclercanta.com\/wp-content\/uploads\/2020\/10\/10110110-2-1.jpg\" \/>\n\t<meta property=\"og:image:width\" content=\"833\" \/>\n\t<meta property=\"og:image:height\" content=\"1000\" \/>\n\t<meta property=\"og:image:type\" content=\"image\/jpeg\" \/>\n<script type=\"application\/ld+json\" class=\"yoast-schema-graph\">{\"@context\":\"https:\/\/schema.org\",\"@graph\":[{\"@type\":\"WebPage\",\"@id\":\"https:\/\/genclercanta.com\/de\/urunler\/inq-grau-schwarzer-rucksack\/\",\"url\":\"https:\/\/genclercanta.com\/de\/urunler\/inq-grau-schwarzer-rucksack\/\",\"name\":\"INQ GRAU-SCHWARZER RUCKSACK - Promosyon \u00c7anta imalat\u0131, \u00dcretimi, \u00c7anta imalat\u00e7\u0131s\u0131 \u00dcreticisi istanbul\",\"isPartOf\":{\"@id\":\"https:\/\/genclercanta.com\/de\/#website\"},\"primaryImageOfPage\":{\"@id\":\"https:\/\/genclercanta.com\/de\/urunler\/inq-grau-schwarzer-rucksack\/#primaryimage\"},\"image\":{\"@id\":\"https:\/\/genclercanta.com\/de\/urunler\/inq-grau-schwarzer-rucksack\/#primaryimage\"},\"thumbnailUrl\":\"https:\/\/genclercanta.com\/wp-content\/uploads\/2020\/10\/10110110-2-1.jpg\",\"datePublished\":\"2020-10-20T21:47:29+00:00\",\"description\":\"INQ GRAU-SCHWARZER RUCKSACK\",\"breadcrumb\":{\"@id\":\"https:\/\/genclercanta.com\/de\/urunler\/inq-grau-schwarzer-rucksack\/#breadcrumb\"},\"inLanguage\":\"de\",\"potentialAction\":[{\"@type\":\"ReadAction\",\"target\":[\"https:\/\/genclercanta.com\/de\/urunler\/inq-grau-schwarzer-rucksack\/\"]}]},{\"@type\":\"ImageObject\",\"inLanguage\":\"de\",\"@id\":\"https:\/\/genclercanta.com\/de\/urunler\/inq-grau-schwarzer-rucksack\/#primaryimage\",\"url\":\"https:\/\/genclercanta.com\/wp-content\/uploads\/2020\/10\/10110110-2-1.jpg\",\"contentUrl\":\"https:\/\/genclercanta.com\/wp-content\/uploads\/2020\/10\/10110110-2-1.jpg\",\"width\":833,\"height\":1000},{\"@type\":\"BreadcrumbList\",\"@id\":\"https:\/\/genclercanta.com\/de\/urunler\/inq-grau-schwarzer-rucksack\/#breadcrumb\",\"itemListElement\":[{\"@type\":\"ListItem\",\"position\":1,\"name\":\"Ana sayfa\",\"item\":\"https:\/\/genclercanta.com\/de\/startseite\/\"},{\"@type\":\"ListItem\",\"position\":2,\"name\":\"Shop\",\"item\":\"https:\/\/genclercanta.com\/de\/shop\/\"},{\"@type\":\"ListItem\",\"position\":3,\"name\":\"INQ GRAU-SCHWARZER RUCKSACK\"}]},{\"@type\":\"WebSite\",\"@id\":\"https:\/\/genclercanta.com\/de\/#website\",\"url\":\"https:\/\/genclercanta.com\/de\/\",\"name\":\"Promosyon \u00c7anta imalat\u0131, \u00dcretimi, \u00c7anta imalat\u00e7\u0131s\u0131 \u00dcreticisi istanbul\",\"description\":\"T\u00fcrkiyenin Toptan, Promosyon \u00c7anta \u0130malat\u00e7\u0131s\u0131\",\"publisher\":{\"@id\":\"https:\/\/genclercanta.com\/de\/#organization\"},\"alternateName\":\"Gen\u00e7ler \u00c7anta\",\"potentialAction\":[{\"@type\":\"SearchAction\",\"target\":{\"@type\":\"EntryPoint\",\"urlTemplate\":\"https:\/\/genclercanta.com\/de\/?s={search_term_string}\"},\"query-input\":{\"@type\":\"PropertyValueSpecification\",\"valueRequired\":true,\"valueName\":\"search_term_string\"}}],\"inLanguage\":\"de\"},{\"@type\":\"Organization\",\"@id\":\"https:\/\/genclercanta.com\/de\/#organization\",\"name\":\"Promosyon \u00c7anta imalat\u0131, \u00dcretimi, \u00c7anta imalat\u00e7\u0131s\u0131 \u00dcreticisi istanbul\",\"alternateName\":\"Gen\u00e7ler \u00c7anta\",\"url\":\"https:\/\/genclercanta.com\/de\/\",\"logo\":{\"@type\":\"ImageObject\",\"inLanguage\":\"de\",\"@id\":\"https:\/\/genclercanta.com\/de\/#\/schema\/logo\/image\/\",\"url\":\"https:\/\/genclercanta.com\/wp-content\/uploads\/2020\/10\/gencler-canta-logo.jpg\",\"contentUrl\":\"https:\/\/genclercanta.com\/wp-content\/uploads\/2020\/10\/gencler-canta-logo.jpg\",\"width\":600,\"height\":133,\"caption\":\"Promosyon \u00c7anta imalat\u0131, \u00dcretimi, \u00c7anta imalat\u00e7\u0131s\u0131 \u00dcreticisi istanbul\"},\"image\":{\"@id\":\"https:\/\/genclercanta.com\/de\/#\/schema\/logo\/image\/\"},\"sameAs\":[\"https:\/\/www.facebook.com\/GenclerCantacom\/\",\"https:\/\/www.instagram.com\/genclercanta\/\"]}]}<\/script>\n<!-- \/ Yoast SEO plugin. -->","yoast_head_json":{"title":"INQ GRAU-SCHWARZER RUCKSACK - Promosyon \u00c7anta imalat\u0131, \u00dcretimi, \u00c7anta imalat\u00e7\u0131s\u0131 \u00dcreticisi istanbul","description":"INQ GRAU-SCHWARZER RUCKSACK","robots":{"index":"index","follow":"follow","max-snippet":"max-snippet:-1","max-image-preview":"max-image-preview:large","max-video-preview":"max-video-preview:-1"},"canonical":"https:\/\/genclercanta.com\/de\/urunler\/inq-grau-schwarzer-rucksack\/","og_locale":"de_DE","og_type":"article","og_title":"INQ GRAU-SCHWARZER RUCKSACK - Promosyon \u00c7anta imalat\u0131, \u00dcretimi, \u00c7anta imalat\u00e7\u0131s\u0131 \u00dcreticisi istanbul","og_description":"INQ GRAU-SCHWARZER RUCKSACK","og_url":"https:\/\/genclercanta.com\/de\/urunler\/inq-grau-schwarzer-rucksack\/","og_site_name":"Promosyon \u00c7anta imalat\u0131, \u00dcretimi, \u00c7anta imalat\u00e7\u0131s\u0131 \u00dcreticisi istanbul","article_publisher":"https:\/\/www.facebook.com\/GenclerCantacom\/","og_image":[{"width":833,"height":1000,"url":"https:\/\/genclercanta.com\/wp-content\/uploads\/2020\/10\/10110110-2-1.jpg","type":"image\/jpeg"}],"schema":{"@context":"https:\/\/schema.org","@graph":[{"@type":"WebPage","@id":"https:\/\/genclercanta.com\/de\/urunler\/inq-grau-schwarzer-rucksack\/","url":"https:\/\/genclercanta.com\/de\/urunler\/inq-grau-schwarzer-rucksack\/","name":"INQ GRAU-SCHWARZER RUCKSACK - Promosyon \u00c7anta imalat\u0131, \u00dcretimi, \u00c7anta imalat\u00e7\u0131s\u0131 \u00dcreticisi istanbul","isPartOf":{"@id":"https:\/\/genclercanta.com\/de\/#website"},"primaryImageOfPage":{"@id":"https:\/\/genclercanta.com\/de\/urunler\/inq-grau-schwarzer-rucksack\/#primaryimage"},"image":{"@id":"https:\/\/genclercanta.com\/de\/urunler\/inq-grau-schwarzer-rucksack\/#primaryimage"},"thumbnailUrl":"https:\/\/genclercanta.com\/wp-content\/uploads\/2020\/10\/10110110-2-1.jpg","datePublished":"2020-10-20T21:47:29+00:00","description":"INQ GRAU-SCHWARZER RUCKSACK","breadcrumb":{"@id":"https:\/\/genclercanta.com\/de\/urunler\/inq-grau-schwarzer-rucksack\/#breadcrumb"},"inLanguage":"de","potentialAction":[{"@type":"ReadAction","target":["https:\/\/genclercanta.com\/de\/urunler\/inq-grau-schwarzer-rucksack\/"]}]},{"@type":"ImageObject","inLanguage":"de","@id":"https:\/\/genclercanta.com\/de\/urunler\/inq-grau-schwarzer-rucksack\/#primaryimage","url":"https:\/\/genclercanta.com\/wp-content\/uploads\/2020\/10\/10110110-2-1.jpg","contentUrl":"https:\/\/genclercanta.com\/wp-content\/uploads\/2020\/10\/10110110-2-1.jpg","width":833,"height":1000},{"@type":"BreadcrumbList","@id":"https:\/\/genclercanta.com\/de\/urunler\/inq-grau-schwarzer-rucksack\/#breadcrumb","itemListElement":[{"@type":"ListItem","position":1,"name":"Ana sayfa","item":"https:\/\/genclercanta.com\/de\/startseite\/"},{"@type":"ListItem","position":2,"name":"Shop","item":"https:\/\/genclercanta.com\/de\/shop\/"},{"@type":"ListItem","position":3,"name":"INQ GRAU-SCHWARZER RUCKSACK"}]},{"@type":"WebSite","@id":"https:\/\/genclercanta.com\/de\/#website","url":"https:\/\/genclercanta.com\/de\/","name":"Promosyon \u00c7anta imalat\u0131, \u00dcretimi, \u00c7anta imalat\u00e7\u0131s\u0131 \u00dcreticisi istanbul","description":"T\u00fcrkiyenin Toptan, Promosyon \u00c7anta \u0130malat\u00e7\u0131s\u0131","publisher":{"@id":"https:\/\/genclercanta.com\/de\/#organization"},"alternateName":"Gen\u00e7ler \u00c7anta","potentialAction":[{"@type":"SearchAction","target":{"@type":"EntryPoint","urlTemplate":"https:\/\/genclercanta.com\/de\/?s={search_term_string}"},"query-input":{"@type":"PropertyValueSpecification","valueRequired":true,"valueName":"search_term_string"}}],"inLanguage":"de"},{"@type":"Organization","@id":"https:\/\/genclercanta.com\/de\/#organization","name":"Promosyon \u00c7anta imalat\u0131, \u00dcretimi, \u00c7anta imalat\u00e7\u0131s\u0131 \u00dcreticisi istanbul","alternateName":"Gen\u00e7ler \u00c7anta","url":"https:\/\/genclercanta.com\/de\/","logo":{"@type":"ImageObject","inLanguage":"de","@id":"https:\/\/genclercanta.com\/de\/#\/schema\/logo\/image\/","url":"https:\/\/genclercanta.com\/wp-content\/uploads\/2020\/10\/gencler-canta-logo.jpg","contentUrl":"https:\/\/genclercanta.com\/wp-content\/uploads\/2020\/10\/gencler-canta-logo.jpg","width":600,"height":133,"caption":"Promosyon \u00c7anta imalat\u0131, \u00dcretimi, \u00c7anta imalat\u00e7\u0131s\u0131 \u00dcreticisi istanbul"},"image":{"@id":"https:\/\/genclercanta.com\/de\/#\/schema\/logo\/image\/"},"sameAs":["https:\/\/www.facebook.com\/GenclerCantacom\/","https:\/\/www.instagram.com\/genclercanta\/"]}]}},"_links":{"self":[{"href":"https:\/\/genclercanta.com\/de\/wp-json\/wp\/v2\/product\/128603","targetHints":{"allow":["GET"]}}],"collection":[{"href":"https:\/\/genclercanta.com\/de\/wp-json\/wp\/v2\/product"}],"about":[{"href":"https:\/\/genclercanta.com\/de\/wp-json\/wp\/v2\/types\/product"}],"replies":[{"embeddable":true,"href":"https:\/\/genclercanta.com\/de\/wp-json\/wp\/v2\/comments?post=128603"}],"wp:featuredmedia":[{"embeddable":true,"href":"https:\/\/genclercanta.com\/de\/wp-json\/wp\/v2\/media\/52307"}],"wp:attachment":[{"href":"https:\/\/genclercanta.com\/de\/wp-json\/wp\/v2\/media?parent=128603"}],"wp:term":[{"taxonomy":"product_brand","embeddable":true,"href":"https:\/\/genclercanta.com\/de\/wp-json\/wp\/v2\/product_brand?post=128603"},{"taxonomy":"product_cat","embeddable":true,"href":"https:\/\/genclercanta.com\/de\/wp-json\/wp\/v2\/product_cat?post=128603"},{"taxonomy":"product_tag","embeddable":true,"href":"https:\/\/genclercanta.com\/de\/wp-json\/wp\/v2\/product_tag?post=128603"}],"curies":[{"name":"wp","href":"https:\/\/api.w.org\/{rel}","templated":true}]}}