{"id":125143,"date":"2020-10-20T22:29:58","date_gmt":"2020-10-20T22:29:58","guid":{"rendered":"https:\/\/genclercanta.com\/urunler\/le-cap-sac-a-dos-beige\/"},"modified":"2020-10-20T22:29:58","modified_gmt":"2020-10-20T22:29:58","slug":"le-cap-sac-a-dos-beige","status":"publish","type":"product","link":"https:\/\/genclercanta.com\/fr\/urunler\/le-cap-sac-a-dos-beige\/","title":{"rendered":"LE CAP Sac \u00e0 dos beige"},"content":{"rendered":"<p>\u2022 Hauteur : 40 cm Largeur : 30 cm Profondeur : 10 cm<\/p>\n<p>\u2022 Notre sac comporte deux compartiments.<\/p>\n<p>\u2022 Il se ferme et s&rsquo;ouvre gr\u00e2ce \u00e0 une fermeture \u00e9clair et un aimant.<\/p>\n<p>\u2022 Fabriqu\u00e9 en similicuir.<\/p>\n<p>\u2022 Il poss\u00e8de un compartiment pour ordinateur portable.<\/p>\n<p>\u2022 La doublure est dot\u00e9e d&rsquo;une poche en filet.<\/p>\n","protected":false},"excerpt":{"rendered":"<p>LE CAP Sac \u00e0 dos beige<\/p>\n","protected":false},"featured_media":91818,"comment_status":"closed","ping_status":"closed","template":"","meta":[],"product_brand":[],"product_cat":[401],"product_tag":[829],"class_list":["post-125143","product","type-product","status-publish","has-post-thumbnail","product_cat-cape-town-fr","product_tag-sac-a-dos","first","instock","shipping-taxable","purchasable","product-type-simple"],"yoast_head":"<!-- This site is optimized with the Yoast SEO Premium plugin v28.2 (Yoast SEO v28.2) - https:\/\/yoast.com\/product\/yoast-seo-premium-wordpress\/ -->\n<title>LE CAP Sac \u00e0 dos beige - Promosyon \u00c7anta imalat\u0131, \u00dcretimi, \u00c7anta imalat\u00e7\u0131s\u0131 \u00dcreticisi istanbul<\/title>\n<meta name=\"description\" content=\"LE CAP Sac \u00e0 dos beige\" \/>\n<meta name=\"robots\" content=\"index, follow, max-snippet:-1, max-image-preview:large, max-video-preview:-1\" \/>\n<link rel=\"canonical\" href=\"https:\/\/genclercanta.com\/fr\/urunler\/le-cap-sac-a-dos-beige\/\" \/>\n<meta property=\"og:locale\" content=\"fr_FR\" \/>\n<meta property=\"og:type\" content=\"article\" \/>\n<meta property=\"og:title\" content=\"LE CAP Sac \u00e0 dos beige\" \/>\n<meta property=\"og:description\" content=\"LE CAP Sac \u00e0 dos beige\" \/>\n<meta property=\"og:url\" content=\"https:\/\/genclercanta.com\/fr\/urunler\/le-cap-sac-a-dos-beige\/\" \/>\n<meta property=\"og:site_name\" content=\"Promosyon \u00c7anta imalat\u0131, \u00dcretimi, \u00c7anta imalat\u00e7\u0131s\u0131 \u00dcreticisi istanbul\" \/>\n<meta property=\"article:publisher\" content=\"https:\/\/www.facebook.com\/GenclerCantacom\/\" \/>\n<meta property=\"og:image\" content=\"https:\/\/genclercanta.com\/wp-content\/uploads\/2020\/10\/50-23.jpg\" \/>\n\t<meta property=\"og:image:width\" content=\"800\" \/>\n\t<meta property=\"og:image:height\" content=\"600\" \/>\n\t<meta property=\"og:image:type\" content=\"image\/jpeg\" \/>\n<script type=\"application\/ld+json\" class=\"yoast-schema-graph\">{\"@context\":\"https:\\\/\\\/schema.org\",\"@graph\":[{\"@type\":\"WebPage\",\"@id\":\"https:\\\/\\\/genclercanta.com\\\/fr\\\/urunler\\\/le-cap-sac-a-dos-beige\\\/\",\"url\":\"https:\\\/\\\/genclercanta.com\\\/fr\\\/urunler\\\/le-cap-sac-a-dos-beige\\\/\",\"name\":\"LE CAP Sac \u00e0 dos beige - Promosyon \u00c7anta imalat\u0131, \u00dcretimi, \u00c7anta imalat\u00e7\u0131s\u0131 \u00dcreticisi istanbul\",\"isPartOf\":{\"@id\":\"https:\\\/\\\/genclercanta.com\\\/fr\\\/#website\"},\"primaryImageOfPage\":{\"@id\":\"https:\\\/\\\/genclercanta.com\\\/fr\\\/urunler\\\/le-cap-sac-a-dos-beige\\\/#primaryimage\"},\"image\":{\"@id\":\"https:\\\/\\\/genclercanta.com\\\/fr\\\/urunler\\\/le-cap-sac-a-dos-beige\\\/#primaryimage\"},\"thumbnailUrl\":\"https:\\\/\\\/genclercanta.com\\\/wp-content\\\/uploads\\\/2020\\\/10\\\/50-23.jpg\",\"datePublished\":\"2020-10-20T22:29:58+00:00\",\"description\":\"LE CAP Sac \u00e0 dos beige\",\"breadcrumb\":{\"@id\":\"https:\\\/\\\/genclercanta.com\\\/fr\\\/urunler\\\/le-cap-sac-a-dos-beige\\\/#breadcrumb\"},\"inLanguage\":\"fr-FR\",\"potentialAction\":[{\"@type\":\"ReadAction\",\"target\":[\"https:\\\/\\\/genclercanta.com\\\/fr\\\/urunler\\\/le-cap-sac-a-dos-beige\\\/\"]}]},{\"@type\":\"ImageObject\",\"inLanguage\":\"fr-FR\",\"@id\":\"https:\\\/\\\/genclercanta.com\\\/fr\\\/urunler\\\/le-cap-sac-a-dos-beige\\\/#primaryimage\",\"url\":\"https:\\\/\\\/genclercanta.com\\\/wp-content\\\/uploads\\\/2020\\\/10\\\/50-23.jpg\",\"contentUrl\":\"https:\\\/\\\/genclercanta.com\\\/wp-content\\\/uploads\\\/2020\\\/10\\\/50-23.jpg\",\"width\":800,\"height\":600,\"caption\":\"Toptan Tasar\u0131m S\u0131rt \u00c7antas\u0131\"},{\"@type\":\"BreadcrumbList\",\"@id\":\"https:\\\/\\\/genclercanta.com\\\/fr\\\/urunler\\\/le-cap-sac-a-dos-beige\\\/#breadcrumb\",\"itemListElement\":[{\"@type\":\"ListItem\",\"position\":1,\"name\":\"Ana sayfa\",\"item\":\"https:\\\/\\\/genclercanta.com\\\/fr\\\/\"},{\"@type\":\"ListItem\",\"position\":2,\"name\":\"Boutique\",\"item\":\"https:\\\/\\\/genclercanta.com\\\/fr\\\/boutique\\\/\"},{\"@type\":\"ListItem\",\"position\":3,\"name\":\"LE CAP Sac \u00e0 dos beige\"}]},{\"@type\":\"WebSite\",\"@id\":\"https:\\\/\\\/genclercanta.com\\\/fr\\\/#website\",\"url\":\"https:\\\/\\\/genclercanta.com\\\/fr\\\/\",\"name\":\"Gen\u00e7ler \u00c7anta | Promosyon ve Toptan \u00c7anta \u00dcreticisi\",\"description\":\"T\u00fcrkiyenin Toptan, Promosyon Kurumsal \u00c7anta \u0130malat\u00e7\u0131s\u0131\",\"publisher\":{\"@id\":\"https:\\\/\\\/genclercanta.com\\\/fr\\\/#organization\"},\"alternateName\":\"Gen\u00e7ler \u00c7anta\",\"potentialAction\":[{\"@type\":\"SearchAction\",\"target\":{\"@type\":\"EntryPoint\",\"urlTemplate\":\"https:\\\/\\\/genclercanta.com\\\/fr\\\/?s={search_term_string}\"},\"query-input\":{\"@type\":\"PropertyValueSpecification\",\"valueRequired\":true,\"valueName\":\"search_term_string\"}}],\"inLanguage\":\"fr-FR\"},{\"@type\":\"Organization\",\"@id\":\"https:\\\/\\\/genclercanta.com\\\/fr\\\/#organization\",\"name\":\"Gen\u00e7ler \u00c7anta\",\"alternateName\":\"Gen\u00e7ler \u00c7anta\",\"url\":\"https:\\\/\\\/genclercanta.com\\\/fr\\\/\",\"logo\":{\"@type\":\"ImageObject\",\"inLanguage\":\"fr-FR\",\"@id\":\"https:\\\/\\\/genclercanta.com\\\/fr\\\/#\\\/schema\\\/logo\\\/image\\\/\",\"url\":\"https:\\\/\\\/genclercanta.com\\\/wp-content\\\/uploads\\\/2020\\\/10\\\/gencler-canta-logo.jpg\",\"contentUrl\":\"https:\\\/\\\/genclercanta.com\\\/wp-content\\\/uploads\\\/2020\\\/10\\\/gencler-canta-logo.jpg\",\"width\":600,\"height\":133,\"caption\":\"Gen\u00e7ler \u00c7anta\"},\"image\":{\"@id\":\"https:\\\/\\\/genclercanta.com\\\/fr\\\/#\\\/schema\\\/logo\\\/image\\\/\"},\"sameAs\":[\"https:\\\/\\\/www.facebook.com\\\/GenclerCantacom\\\/\",\"https:\\\/\\\/www.instagram.com\\\/genclercanta\\\/\"],\"description\":\"Gen\u00e7ler \u00c7anta, 1985 y\u0131l\u0131nda \u0130stanbul\u2019da kurulan ve \u00e7anta sekt\u00f6r\u00fcnde T\u00fcrkiye\u2019nin lider firmalar\u0131ndan biri haline gelmi\u015ftir. Kaliteli \u00fcr\u00fcnler, m\u00fc\u015fteri memnuniyeti odakl\u0131 hizmet anlay\u0131\u015f\u0131 ve s\u00fcrekli geli\u015fim vizyonuyla sekt\u00f6rdeki ba\u015far\u0131s\u0131n\u0131 s\u00fcrd\u00fcrmektedir. \u015eirketimiz, her ya\u015f grubuna hitap eden zengin \u00fcr\u00fcn yelpazesi ile \u00e7e\u015fitli \u00e7\u00f6z\u00fcm se\u00e7enekleri sunmaktad\u0131r.\",\"email\":\"gencler@genclercanta.com\",\"telephone\":\"+90 212 567 92 65\",\"legalName\":\"Gen\u00e7ler \u00c7Anta\",\"foundingDate\":\"1985-02-01\",\"numberOfEmployees\":{\"@type\":\"QuantitativeValue\",\"minValue\":\"1\",\"maxValue\":\"10\"}}]}<\/script>\n<!-- \/ Yoast SEO Premium plugin. -->","yoast_head_json":{"title":"LE CAP Sac \u00e0 dos beige - Promosyon \u00c7anta imalat\u0131, \u00dcretimi, \u00c7anta imalat\u00e7\u0131s\u0131 \u00dcreticisi istanbul","description":"LE CAP Sac \u00e0 dos beige","robots":{"index":"index","follow":"follow","max-snippet":"max-snippet:-1","max-image-preview":"max-image-preview:large","max-video-preview":"max-video-preview:-1"},"canonical":"https:\/\/genclercanta.com\/fr\/urunler\/le-cap-sac-a-dos-beige\/","og_locale":"fr_FR","og_type":"article","og_title":"LE CAP Sac \u00e0 dos beige","og_description":"LE CAP Sac \u00e0 dos beige","og_url":"https:\/\/genclercanta.com\/fr\/urunler\/le-cap-sac-a-dos-beige\/","og_site_name":"Promosyon \u00c7anta imalat\u0131, \u00dcretimi, \u00c7anta imalat\u00e7\u0131s\u0131 \u00dcreticisi istanbul","article_publisher":"https:\/\/www.facebook.com\/GenclerCantacom\/","og_image":[{"width":800,"height":600,"url":"https:\/\/genclercanta.com\/wp-content\/uploads\/2020\/10\/50-23.jpg","type":"image\/jpeg"}],"schema":{"@context":"https:\/\/schema.org","@graph":[{"@type":"WebPage","@id":"https:\/\/genclercanta.com\/fr\/urunler\/le-cap-sac-a-dos-beige\/","url":"https:\/\/genclercanta.com\/fr\/urunler\/le-cap-sac-a-dos-beige\/","name":"LE CAP Sac \u00e0 dos beige - Promosyon \u00c7anta imalat\u0131, \u00dcretimi, \u00c7anta imalat\u00e7\u0131s\u0131 \u00dcreticisi istanbul","isPartOf":{"@id":"https:\/\/genclercanta.com\/fr\/#website"},"primaryImageOfPage":{"@id":"https:\/\/genclercanta.com\/fr\/urunler\/le-cap-sac-a-dos-beige\/#primaryimage"},"image":{"@id":"https:\/\/genclercanta.com\/fr\/urunler\/le-cap-sac-a-dos-beige\/#primaryimage"},"thumbnailUrl":"https:\/\/genclercanta.com\/wp-content\/uploads\/2020\/10\/50-23.jpg","datePublished":"2020-10-20T22:29:58+00:00","description":"LE CAP Sac \u00e0 dos beige","breadcrumb":{"@id":"https:\/\/genclercanta.com\/fr\/urunler\/le-cap-sac-a-dos-beige\/#breadcrumb"},"inLanguage":"fr-FR","potentialAction":[{"@type":"ReadAction","target":["https:\/\/genclercanta.com\/fr\/urunler\/le-cap-sac-a-dos-beige\/"]}]},{"@type":"ImageObject","inLanguage":"fr-FR","@id":"https:\/\/genclercanta.com\/fr\/urunler\/le-cap-sac-a-dos-beige\/#primaryimage","url":"https:\/\/genclercanta.com\/wp-content\/uploads\/2020\/10\/50-23.jpg","contentUrl":"https:\/\/genclercanta.com\/wp-content\/uploads\/2020\/10\/50-23.jpg","width":800,"height":600,"caption":"Toptan Tasar\u0131m S\u0131rt \u00c7antas\u0131"},{"@type":"BreadcrumbList","@id":"https:\/\/genclercanta.com\/fr\/urunler\/le-cap-sac-a-dos-beige\/#breadcrumb","itemListElement":[{"@type":"ListItem","position":1,"name":"Ana sayfa","item":"https:\/\/genclercanta.com\/fr\/"},{"@type":"ListItem","position":2,"name":"Boutique","item":"https:\/\/genclercanta.com\/fr\/boutique\/"},{"@type":"ListItem","position":3,"name":"LE CAP Sac \u00e0 dos beige"}]},{"@type":"WebSite","@id":"https:\/\/genclercanta.com\/fr\/#website","url":"https:\/\/genclercanta.com\/fr\/","name":"Gen\u00e7ler \u00c7anta | Promosyon ve Toptan \u00c7anta \u00dcreticisi","description":"T\u00fcrkiyenin Toptan, Promosyon Kurumsal \u00c7anta \u0130malat\u00e7\u0131s\u0131","publisher":{"@id":"https:\/\/genclercanta.com\/fr\/#organization"},"alternateName":"Gen\u00e7ler \u00c7anta","potentialAction":[{"@type":"SearchAction","target":{"@type":"EntryPoint","urlTemplate":"https:\/\/genclercanta.com\/fr\/?s={search_term_string}"},"query-input":{"@type":"PropertyValueSpecification","valueRequired":true,"valueName":"search_term_string"}}],"inLanguage":"fr-FR"},{"@type":"Organization","@id":"https:\/\/genclercanta.com\/fr\/#organization","name":"Gen\u00e7ler \u00c7anta","alternateName":"Gen\u00e7ler \u00c7anta","url":"https:\/\/genclercanta.com\/fr\/","logo":{"@type":"ImageObject","inLanguage":"fr-FR","@id":"https:\/\/genclercanta.com\/fr\/#\/schema\/logo\/image\/","url":"https:\/\/genclercanta.com\/wp-content\/uploads\/2020\/10\/gencler-canta-logo.jpg","contentUrl":"https:\/\/genclercanta.com\/wp-content\/uploads\/2020\/10\/gencler-canta-logo.jpg","width":600,"height":133,"caption":"Gen\u00e7ler \u00c7anta"},"image":{"@id":"https:\/\/genclercanta.com\/fr\/#\/schema\/logo\/image\/"},"sameAs":["https:\/\/www.facebook.com\/GenclerCantacom\/","https:\/\/www.instagram.com\/genclercanta\/"],"description":"Gen\u00e7ler \u00c7anta, 1985 y\u0131l\u0131nda \u0130stanbul\u2019da kurulan ve \u00e7anta sekt\u00f6r\u00fcnde T\u00fcrkiye\u2019nin lider firmalar\u0131ndan biri haline gelmi\u015ftir. Kaliteli \u00fcr\u00fcnler, m\u00fc\u015fteri memnuniyeti odakl\u0131 hizmet anlay\u0131\u015f\u0131 ve s\u00fcrekli geli\u015fim vizyonuyla sekt\u00f6rdeki ba\u015far\u0131s\u0131n\u0131 s\u00fcrd\u00fcrmektedir. \u015eirketimiz, her ya\u015f grubuna hitap eden zengin \u00fcr\u00fcn yelpazesi ile \u00e7e\u015fitli \u00e7\u00f6z\u00fcm se\u00e7enekleri sunmaktad\u0131r.","email":"gencler@genclercanta.com","telephone":"+90 212 567 92 65","legalName":"Gen\u00e7ler \u00c7Anta","foundingDate":"1985-02-01","numberOfEmployees":{"@type":"QuantitativeValue","minValue":"1","maxValue":"10"}}]}},"_links":{"self":[{"href":"https:\/\/genclercanta.com\/fr\/wp-json\/wp\/v2\/product\/125143","targetHints":{"allow":["GET"]}}],"collection":[{"href":"https:\/\/genclercanta.com\/fr\/wp-json\/wp\/v2\/product"}],"about":[{"href":"https:\/\/genclercanta.com\/fr\/wp-json\/wp\/v2\/types\/product"}],"replies":[{"embeddable":true,"href":"https:\/\/genclercanta.com\/fr\/wp-json\/wp\/v2\/comments?post=125143"}],"wp:featuredmedia":[{"embeddable":true,"href":"https:\/\/genclercanta.com\/fr\/wp-json\/wp\/v2\/media\/91818"}],"wp:attachment":[{"href":"https:\/\/genclercanta.com\/fr\/wp-json\/wp\/v2\/media?parent=125143"}],"wp:term":[{"taxonomy":"product_brand","embeddable":true,"href":"https:\/\/genclercanta.com\/fr\/wp-json\/wp\/v2\/product_brand?post=125143"},{"taxonomy":"product_cat","embeddable":true,"href":"https:\/\/genclercanta.com\/fr\/wp-json\/wp\/v2\/product_cat?post=125143"},{"taxonomy":"product_tag","embeddable":true,"href":"https:\/\/genclercanta.com\/fr\/wp-json\/wp\/v2\/product_tag?post=125143"}],"curies":[{"name":"wp","href":"https:\/\/api.w.org\/{rel}","templated":true}]}}