{"id":125425,"date":"2020-10-20T22:24:03","date_gmt":"2020-10-20T22:24:03","guid":{"rendered":"https:\/\/genclercanta.com\/urunler\/sac-a-dos-dexterieur-flamant-noir\/"},"modified":"2020-10-20T22:24:03","modified_gmt":"2020-10-20T22:24:03","slug":"sac-a-dos-dexterieur-flamant-noir","status":"publish","type":"product","link":"https:\/\/genclercanta.com\/fr\/urunler\/sac-a-dos-dexterieur-flamant-noir\/","title":{"rendered":"SAC \u00c0 DOS D&rsquo;EXT\u00c9RIEUR FLAMANT NOIR"},"content":{"rendered":"<p>Sac \u00e0 dos outdoor<\/p>\n<p>Fudela r\u00e9invente le sac \u00e0 dos en proposant des mod\u00e8les \u00e9l\u00e9gants, modernes et originaux. Pratique et confortable, le sac Fudela vous permet d&rsquo;exprimer votre personnalit\u00e9. Affirmez-vous avec un Fudela\u00a0!<\/p>\n<p>Caract\u00e9ristiques\u00a0:<\/p>\n<p>\u2013 Tissu polyester premium r\u00e9sistant<\/p>\n<p>\u2013 Bretelles rembourr\u00e9es et r\u00e9glables<\/p>\n<p>\u2013 Rembourrage dorsal suppl\u00e9mentaire<\/p>\n<p>\u2013 Grande poche avant<\/p>\n<p>\u2013 Poign\u00e9e<\/p>\n<p>Dimensions\u00a0: 15 x 32 x 41\u00a0cm<\/p>\n<p>Capacit\u00e9 interne\u00a0: 12\u00a0L<\/p>\n","protected":false},"excerpt":{"rendered":"<p>SAC \u00c0 DOS D&rsquo;EXT\u00c9RIEUR FLAMANT NOIR<\/p>\n","protected":false},"featured_media":94762,"comment_status":"closed","ping_status":"closed","template":"","meta":[],"product_brand":[],"product_cat":[599],"product_tag":[900,902,901,829],"class_list":["post-125425","product","type-product","status-publish","has-post-thumbnail","product_cat-outdoor-fr","product_tag-fudela-fr","product_tag-lier","product_tag-sac","product_tag-sac-a-dos","first","instock","shipping-taxable","purchasable","product-type-simple"],"yoast_head":"<!-- This site is optimized with the Yoast SEO Premium plugin v28.2 (Yoast SEO v28.2) - https:\/\/yoast.com\/product\/yoast-seo-premium-wordpress\/ -->\n<title>SAC \u00c0 DOS D&#039;EXT\u00c9RIEUR FLAMANT NOIR - Promosyon \u00c7anta imalat\u0131, \u00dcretimi, \u00c7anta imalat\u00e7\u0131s\u0131 \u00dcreticisi istanbul<\/title>\n<meta name=\"description\" content=\"SAC \u00c0 DOS D&#039;EXT\u00c9RIEUR FLAMANT NOIR\" \/>\n<meta name=\"robots\" content=\"index, follow, max-snippet:-1, max-image-preview:large, max-video-preview:-1\" \/>\n<link rel=\"canonical\" href=\"https:\/\/genclercanta.com\/fr\/urunler\/sac-a-dos-dexterieur-flamant-noir\/\" \/>\n<meta property=\"og:locale\" content=\"fr_FR\" \/>\n<meta property=\"og:type\" content=\"article\" \/>\n<meta property=\"og:title\" content=\"SAC \u00c0 DOS D&#039;EXT\u00c9RIEUR FLAMANT NOIR\" \/>\n<meta property=\"og:description\" content=\"SAC \u00c0 DOS D&#039;EXT\u00c9RIEUR FLAMANT NOIR\" \/>\n<meta property=\"og:url\" content=\"https:\/\/genclercanta.com\/fr\/urunler\/sac-a-dos-dexterieur-flamant-noir\/\" \/>\n<meta property=\"og:site_name\" content=\"Promosyon \u00c7anta imalat\u0131, \u00dcretimi, \u00c7anta imalat\u00e7\u0131s\u0131 \u00dcreticisi istanbul\" \/>\n<meta property=\"article:publisher\" content=\"https:\/\/www.facebook.com\/GenclerCantacom\/\" \/>\n<meta property=\"og:image\" content=\"https:\/\/genclercanta.com\/wp-content\/uploads\/2020\/10\/50-69.jpg\" \/>\n\t<meta property=\"og:image:width\" content=\"800\" \/>\n\t<meta property=\"og:image:height\" content=\"600\" \/>\n\t<meta property=\"og:image:type\" content=\"image\/jpeg\" \/>\n<script type=\"application\/ld+json\" class=\"yoast-schema-graph\">{\"@context\":\"https:\\\/\\\/schema.org\",\"@graph\":[{\"@type\":\"WebPage\",\"@id\":\"https:\\\/\\\/genclercanta.com\\\/fr\\\/urunler\\\/sac-a-dos-dexterieur-flamant-noir\\\/\",\"url\":\"https:\\\/\\\/genclercanta.com\\\/fr\\\/urunler\\\/sac-a-dos-dexterieur-flamant-noir\\\/\",\"name\":\"SAC \u00c0 DOS D'EXT\u00c9RIEUR FLAMANT NOIR - Promosyon \u00c7anta imalat\u0131, \u00dcretimi, \u00c7anta imalat\u00e7\u0131s\u0131 \u00dcreticisi istanbul\",\"isPartOf\":{\"@id\":\"https:\\\/\\\/genclercanta.com\\\/fr\\\/#website\"},\"primaryImageOfPage\":{\"@id\":\"https:\\\/\\\/genclercanta.com\\\/fr\\\/urunler\\\/sac-a-dos-dexterieur-flamant-noir\\\/#primaryimage\"},\"image\":{\"@id\":\"https:\\\/\\\/genclercanta.com\\\/fr\\\/urunler\\\/sac-a-dos-dexterieur-flamant-noir\\\/#primaryimage\"},\"thumbnailUrl\":\"https:\\\/\\\/genclercanta.com\\\/wp-content\\\/uploads\\\/2020\\\/10\\\/50-69.jpg\",\"datePublished\":\"2020-10-20T22:24:03+00:00\",\"description\":\"SAC \u00c0 DOS D'EXT\u00c9RIEUR FLAMANT NOIR\",\"breadcrumb\":{\"@id\":\"https:\\\/\\\/genclercanta.com\\\/fr\\\/urunler\\\/sac-a-dos-dexterieur-flamant-noir\\\/#breadcrumb\"},\"inLanguage\":\"fr-FR\",\"potentialAction\":[{\"@type\":\"ReadAction\",\"target\":[\"https:\\\/\\\/genclercanta.com\\\/fr\\\/urunler\\\/sac-a-dos-dexterieur-flamant-noir\\\/\"]}]},{\"@type\":\"ImageObject\",\"inLanguage\":\"fr-FR\",\"@id\":\"https:\\\/\\\/genclercanta.com\\\/fr\\\/urunler\\\/sac-a-dos-dexterieur-flamant-noir\\\/#primaryimage\",\"url\":\"https:\\\/\\\/genclercanta.com\\\/wp-content\\\/uploads\\\/2020\\\/10\\\/50-69.jpg\",\"contentUrl\":\"https:\\\/\\\/genclercanta.com\\\/wp-content\\\/uploads\\\/2020\\\/10\\\/50-69.jpg\",\"width\":800,\"height\":600,\"caption\":\"Toptan Tasar\u0131m S\u0131rt \u00c7antalar\u0131\"},{\"@type\":\"BreadcrumbList\",\"@id\":\"https:\\\/\\\/genclercanta.com\\\/fr\\\/urunler\\\/sac-a-dos-dexterieur-flamant-noir\\\/#breadcrumb\",\"itemListElement\":[{\"@type\":\"ListItem\",\"position\":1,\"name\":\"Ana sayfa\",\"item\":\"https:\\\/\\\/genclercanta.com\\\/fr\\\/\"},{\"@type\":\"ListItem\",\"position\":2,\"name\":\"Boutique\",\"item\":\"https:\\\/\\\/genclercanta.com\\\/fr\\\/boutique\\\/\"},{\"@type\":\"ListItem\",\"position\":3,\"name\":\"SAC \u00c0 DOS D&rsquo;EXT\u00c9RIEUR FLAMANT NOIR\"}]},{\"@type\":\"WebSite\",\"@id\":\"https:\\\/\\\/genclercanta.com\\\/fr\\\/#website\",\"url\":\"https:\\\/\\\/genclercanta.com\\\/fr\\\/\",\"name\":\"Gen\u00e7ler \u00c7anta | Promosyon ve Toptan \u00c7anta \u00dcreticisi\",\"description\":\"T\u00fcrkiyenin Toptan, Promosyon Kurumsal \u00c7anta \u0130malat\u00e7\u0131s\u0131\",\"publisher\":{\"@id\":\"https:\\\/\\\/genclercanta.com\\\/fr\\\/#organization\"},\"alternateName\":\"Gen\u00e7ler \u00c7anta\",\"potentialAction\":[{\"@type\":\"SearchAction\",\"target\":{\"@type\":\"EntryPoint\",\"urlTemplate\":\"https:\\\/\\\/genclercanta.com\\\/fr\\\/?s={search_term_string}\"},\"query-input\":{\"@type\":\"PropertyValueSpecification\",\"valueRequired\":true,\"valueName\":\"search_term_string\"}}],\"inLanguage\":\"fr-FR\"},{\"@type\":\"Organization\",\"@id\":\"https:\\\/\\\/genclercanta.com\\\/fr\\\/#organization\",\"name\":\"Gen\u00e7ler \u00c7anta\",\"alternateName\":\"Gen\u00e7ler \u00c7anta\",\"url\":\"https:\\\/\\\/genclercanta.com\\\/fr\\\/\",\"logo\":{\"@type\":\"ImageObject\",\"inLanguage\":\"fr-FR\",\"@id\":\"https:\\\/\\\/genclercanta.com\\\/fr\\\/#\\\/schema\\\/logo\\\/image\\\/\",\"url\":\"https:\\\/\\\/genclercanta.com\\\/wp-content\\\/uploads\\\/2020\\\/10\\\/gencler-canta-logo.jpg\",\"contentUrl\":\"https:\\\/\\\/genclercanta.com\\\/wp-content\\\/uploads\\\/2020\\\/10\\\/gencler-canta-logo.jpg\",\"width\":600,\"height\":133,\"caption\":\"Gen\u00e7ler \u00c7anta\"},\"image\":{\"@id\":\"https:\\\/\\\/genclercanta.com\\\/fr\\\/#\\\/schema\\\/logo\\\/image\\\/\"},\"sameAs\":[\"https:\\\/\\\/www.facebook.com\\\/GenclerCantacom\\\/\",\"https:\\\/\\\/www.instagram.com\\\/genclercanta\\\/\"],\"description\":\"Gen\u00e7ler \u00c7anta, 1985 y\u0131l\u0131nda \u0130stanbul\u2019da kurulan ve \u00e7anta sekt\u00f6r\u00fcnde T\u00fcrkiye\u2019nin lider firmalar\u0131ndan biri haline gelmi\u015ftir. Kaliteli \u00fcr\u00fcnler, m\u00fc\u015fteri memnuniyeti odakl\u0131 hizmet anlay\u0131\u015f\u0131 ve s\u00fcrekli geli\u015fim vizyonuyla sekt\u00f6rdeki ba\u015far\u0131s\u0131n\u0131 s\u00fcrd\u00fcrmektedir. \u015eirketimiz, her ya\u015f grubuna hitap eden zengin \u00fcr\u00fcn yelpazesi ile \u00e7e\u015fitli \u00e7\u00f6z\u00fcm se\u00e7enekleri sunmaktad\u0131r.\",\"email\":\"gencler@genclercanta.com\",\"telephone\":\"+90 212 567 92 65\",\"legalName\":\"Gen\u00e7ler \u00c7Anta\",\"foundingDate\":\"1985-02-01\",\"numberOfEmployees\":{\"@type\":\"QuantitativeValue\",\"minValue\":\"1\",\"maxValue\":\"10\"}}]}<\/script>\n<!-- \/ Yoast SEO Premium plugin. -->","yoast_head_json":{"title":"SAC \u00c0 DOS D'EXT\u00c9RIEUR FLAMANT NOIR - Promosyon \u00c7anta imalat\u0131, \u00dcretimi, \u00c7anta imalat\u00e7\u0131s\u0131 \u00dcreticisi istanbul","description":"SAC \u00c0 DOS D'EXT\u00c9RIEUR FLAMANT NOIR","robots":{"index":"index","follow":"follow","max-snippet":"max-snippet:-1","max-image-preview":"max-image-preview:large","max-video-preview":"max-video-preview:-1"},"canonical":"https:\/\/genclercanta.com\/fr\/urunler\/sac-a-dos-dexterieur-flamant-noir\/","og_locale":"fr_FR","og_type":"article","og_title":"SAC \u00c0 DOS D'EXT\u00c9RIEUR FLAMANT NOIR","og_description":"SAC \u00c0 DOS D'EXT\u00c9RIEUR FLAMANT NOIR","og_url":"https:\/\/genclercanta.com\/fr\/urunler\/sac-a-dos-dexterieur-flamant-noir\/","og_site_name":"Promosyon \u00c7anta imalat\u0131, \u00dcretimi, \u00c7anta imalat\u00e7\u0131s\u0131 \u00dcreticisi istanbul","article_publisher":"https:\/\/www.facebook.com\/GenclerCantacom\/","og_image":[{"width":800,"height":600,"url":"https:\/\/genclercanta.com\/wp-content\/uploads\/2020\/10\/50-69.jpg","type":"image\/jpeg"}],"schema":{"@context":"https:\/\/schema.org","@graph":[{"@type":"WebPage","@id":"https:\/\/genclercanta.com\/fr\/urunler\/sac-a-dos-dexterieur-flamant-noir\/","url":"https:\/\/genclercanta.com\/fr\/urunler\/sac-a-dos-dexterieur-flamant-noir\/","name":"SAC \u00c0 DOS D'EXT\u00c9RIEUR FLAMANT NOIR - Promosyon \u00c7anta imalat\u0131, \u00dcretimi, \u00c7anta imalat\u00e7\u0131s\u0131 \u00dcreticisi istanbul","isPartOf":{"@id":"https:\/\/genclercanta.com\/fr\/#website"},"primaryImageOfPage":{"@id":"https:\/\/genclercanta.com\/fr\/urunler\/sac-a-dos-dexterieur-flamant-noir\/#primaryimage"},"image":{"@id":"https:\/\/genclercanta.com\/fr\/urunler\/sac-a-dos-dexterieur-flamant-noir\/#primaryimage"},"thumbnailUrl":"https:\/\/genclercanta.com\/wp-content\/uploads\/2020\/10\/50-69.jpg","datePublished":"2020-10-20T22:24:03+00:00","description":"SAC \u00c0 DOS D'EXT\u00c9RIEUR FLAMANT NOIR","breadcrumb":{"@id":"https:\/\/genclercanta.com\/fr\/urunler\/sac-a-dos-dexterieur-flamant-noir\/#breadcrumb"},"inLanguage":"fr-FR","potentialAction":[{"@type":"ReadAction","target":["https:\/\/genclercanta.com\/fr\/urunler\/sac-a-dos-dexterieur-flamant-noir\/"]}]},{"@type":"ImageObject","inLanguage":"fr-FR","@id":"https:\/\/genclercanta.com\/fr\/urunler\/sac-a-dos-dexterieur-flamant-noir\/#primaryimage","url":"https:\/\/genclercanta.com\/wp-content\/uploads\/2020\/10\/50-69.jpg","contentUrl":"https:\/\/genclercanta.com\/wp-content\/uploads\/2020\/10\/50-69.jpg","width":800,"height":600,"caption":"Toptan Tasar\u0131m S\u0131rt \u00c7antalar\u0131"},{"@type":"BreadcrumbList","@id":"https:\/\/genclercanta.com\/fr\/urunler\/sac-a-dos-dexterieur-flamant-noir\/#breadcrumb","itemListElement":[{"@type":"ListItem","position":1,"name":"Ana sayfa","item":"https:\/\/genclercanta.com\/fr\/"},{"@type":"ListItem","position":2,"name":"Boutique","item":"https:\/\/genclercanta.com\/fr\/boutique\/"},{"@type":"ListItem","position":3,"name":"SAC \u00c0 DOS D&rsquo;EXT\u00c9RIEUR FLAMANT NOIR"}]},{"@type":"WebSite","@id":"https:\/\/genclercanta.com\/fr\/#website","url":"https:\/\/genclercanta.com\/fr\/","name":"Gen\u00e7ler \u00c7anta | Promosyon ve Toptan \u00c7anta \u00dcreticisi","description":"T\u00fcrkiyenin Toptan, Promosyon Kurumsal \u00c7anta \u0130malat\u00e7\u0131s\u0131","publisher":{"@id":"https:\/\/genclercanta.com\/fr\/#organization"},"alternateName":"Gen\u00e7ler \u00c7anta","potentialAction":[{"@type":"SearchAction","target":{"@type":"EntryPoint","urlTemplate":"https:\/\/genclercanta.com\/fr\/?s={search_term_string}"},"query-input":{"@type":"PropertyValueSpecification","valueRequired":true,"valueName":"search_term_string"}}],"inLanguage":"fr-FR"},{"@type":"Organization","@id":"https:\/\/genclercanta.com\/fr\/#organization","name":"Gen\u00e7ler \u00c7anta","alternateName":"Gen\u00e7ler \u00c7anta","url":"https:\/\/genclercanta.com\/fr\/","logo":{"@type":"ImageObject","inLanguage":"fr-FR","@id":"https:\/\/genclercanta.com\/fr\/#\/schema\/logo\/image\/","url":"https:\/\/genclercanta.com\/wp-content\/uploads\/2020\/10\/gencler-canta-logo.jpg","contentUrl":"https:\/\/genclercanta.com\/wp-content\/uploads\/2020\/10\/gencler-canta-logo.jpg","width":600,"height":133,"caption":"Gen\u00e7ler \u00c7anta"},"image":{"@id":"https:\/\/genclercanta.com\/fr\/#\/schema\/logo\/image\/"},"sameAs":["https:\/\/www.facebook.com\/GenclerCantacom\/","https:\/\/www.instagram.com\/genclercanta\/"],"description":"Gen\u00e7ler \u00c7anta, 1985 y\u0131l\u0131nda \u0130stanbul\u2019da kurulan ve \u00e7anta sekt\u00f6r\u00fcnde T\u00fcrkiye\u2019nin lider firmalar\u0131ndan biri haline gelmi\u015ftir. Kaliteli \u00fcr\u00fcnler, m\u00fc\u015fteri memnuniyeti odakl\u0131 hizmet anlay\u0131\u015f\u0131 ve s\u00fcrekli geli\u015fim vizyonuyla sekt\u00f6rdeki ba\u015far\u0131s\u0131n\u0131 s\u00fcrd\u00fcrmektedir. \u015eirketimiz, her ya\u015f grubuna hitap eden zengin \u00fcr\u00fcn yelpazesi ile \u00e7e\u015fitli \u00e7\u00f6z\u00fcm se\u00e7enekleri sunmaktad\u0131r.","email":"gencler@genclercanta.com","telephone":"+90 212 567 92 65","legalName":"Gen\u00e7ler \u00c7Anta","foundingDate":"1985-02-01","numberOfEmployees":{"@type":"QuantitativeValue","minValue":"1","maxValue":"10"}}]}},"_links":{"self":[{"href":"https:\/\/genclercanta.com\/fr\/wp-json\/wp\/v2\/product\/125425","targetHints":{"allow":["GET"]}}],"collection":[{"href":"https:\/\/genclercanta.com\/fr\/wp-json\/wp\/v2\/product"}],"about":[{"href":"https:\/\/genclercanta.com\/fr\/wp-json\/wp\/v2\/types\/product"}],"replies":[{"embeddable":true,"href":"https:\/\/genclercanta.com\/fr\/wp-json\/wp\/v2\/comments?post=125425"}],"wp:featuredmedia":[{"embeddable":true,"href":"https:\/\/genclercanta.com\/fr\/wp-json\/wp\/v2\/media\/94762"}],"wp:attachment":[{"href":"https:\/\/genclercanta.com\/fr\/wp-json\/wp\/v2\/media?parent=125425"}],"wp:term":[{"taxonomy":"product_brand","embeddable":true,"href":"https:\/\/genclercanta.com\/fr\/wp-json\/wp\/v2\/product_brand?post=125425"},{"taxonomy":"product_cat","embeddable":true,"href":"https:\/\/genclercanta.com\/fr\/wp-json\/wp\/v2\/product_cat?post=125425"},{"taxonomy":"product_tag","embeddable":true,"href":"https:\/\/genclercanta.com\/fr\/wp-json\/wp\/v2\/product_tag?post=125425"}],"curies":[{"name":"wp","href":"https:\/\/api.w.org\/{rel}","templated":true}]}}