{"id":129383,"date":"2020-10-20T21:43:51","date_gmt":"2020-10-20T21:43:51","guid":{"rendered":"https:\/\/genclercanta.com\/urunler\/sac-a-dos-dexterieur-filli\/"},"modified":"2020-10-20T21:43:51","modified_gmt":"2020-10-20T21:43:51","slug":"sac-a-dos-dexterieur-filli","status":"publish","type":"product","link":"https:\/\/genclercanta.com\/fr\/urunler\/sac-a-dos-dexterieur-filli\/","title":{"rendered":"Sac \u00e0 dos d&rsquo;ext\u00e9rieur F\u0130LL\u0130"},"content":{"rendered":"<p>Sac \u00e0 dos d&rsquo;ext\u00e9rieur<\/p>\n<p>Fudela r\u00e9invente le sac \u00e0 dos \u2014 bien au-del\u00e0 du simple accessoire de transport \u2014 en vous proposant des mod\u00e8les \u00e9l\u00e9gants, modernes et au design accrocheur. Alliant praticit\u00e9 et fonctionnalit\u00e9, Fudela vous permet d&rsquo;affirmer votre personnalit\u00e9. Alors, r\u00e9v\u00e9lez-vous au monde avec un sac Fudela !<\/p>\n<p>Caract\u00e9ristiques :<\/p>\n<p>\u2013 Tissu en polyester haut de gamme et r\u00e9sistant<\/p>\n<p>\u2013 Bretelles rembourr\u00e9es et r\u00e9glables<\/p>\n<p>\u2013 Rembourrage dorsal renforc\u00e9<\/p>\n<p>\u2013 Poche avant spacieuse<\/p>\n<p>\u2013 Poign\u00e9e de transport<\/p>\n<p>Dimensions \u2013 15 x 32 x 41 cm<\/p>\n<p>Volume int\u00e9rieur \u2013 12 L<\/p>\n","protected":false},"excerpt":{"rendered":"<p>Sac \u00e0 dos d&rsquo;ext\u00e9rieur F\u0130LL\u0130<\/p>\n","protected":false},"featured_media":50280,"comment_status":"closed","ping_status":"closed","template":"","meta":[],"product_brand":[],"product_cat":[599],"product_tag":[900,902,901,829],"class_list":["post-129383","product","type-product","status-publish","has-post-thumbnail","product_cat-outdoor-fr","product_tag-fudela-fr","product_tag-lier","product_tag-sac","product_tag-sac-a-dos","first","instock","shipping-taxable","purchasable","product-type-simple"],"yoast_head":"<!-- This site is optimized with the Yoast SEO Premium plugin v28.2 (Yoast SEO v28.2) - https:\/\/yoast.com\/product\/yoast-seo-premium-wordpress\/ -->\n<title>Sac \u00e0 dos d&#039;ext\u00e9rieur F\u0130LL\u0130 - Promosyon \u00c7anta imalat\u0131, \u00dcretimi, \u00c7anta imalat\u00e7\u0131s\u0131 \u00dcreticisi istanbul<\/title>\n<meta name=\"description\" content=\"Sac \u00e0 dos d&#039;ext\u00e9rieur F\u0130LL\u0130\" \/>\n<meta name=\"robots\" content=\"index, follow, max-snippet:-1, max-image-preview:large, max-video-preview:-1\" \/>\n<link rel=\"canonical\" href=\"https:\/\/genclercanta.com\/fr\/urunler\/sac-a-dos-dexterieur-filli\/\" \/>\n<meta property=\"og:locale\" content=\"fr_FR\" \/>\n<meta property=\"og:type\" content=\"article\" \/>\n<meta property=\"og:title\" content=\"Sac \u00e0 dos d&#039;ext\u00e9rieur F\u0130LL\u0130\" \/>\n<meta property=\"og:description\" content=\"Sac \u00e0 dos d&#039;ext\u00e9rieur F\u0130LL\u0130\" \/>\n<meta property=\"og:url\" content=\"https:\/\/genclercanta.com\/fr\/urunler\/sac-a-dos-dexterieur-filli\/\" \/>\n<meta property=\"og:site_name\" content=\"Promosyon \u00c7anta imalat\u0131, \u00dcretimi, \u00c7anta imalat\u00e7\u0131s\u0131 \u00dcreticisi istanbul\" \/>\n<meta property=\"article:publisher\" content=\"https:\/\/www.facebook.com\/GenclerCantacom\/\" \/>\n<meta property=\"og:image\" content=\"https:\/\/genclercanta.com\/wp-content\/uploads\/2020\/10\/43-1.jpg\" \/>\n\t<meta property=\"og:image:width\" content=\"1000\" \/>\n\t<meta property=\"og:image:height\" content=\"1000\" \/>\n\t<meta property=\"og:image:type\" content=\"image\/jpeg\" \/>\n<script type=\"application\/ld+json\" class=\"yoast-schema-graph\">{\"@context\":\"https:\\\/\\\/schema.org\",\"@graph\":[{\"@type\":\"WebPage\",\"@id\":\"https:\\\/\\\/genclercanta.com\\\/fr\\\/urunler\\\/sac-a-dos-dexterieur-filli\\\/\",\"url\":\"https:\\\/\\\/genclercanta.com\\\/fr\\\/urunler\\\/sac-a-dos-dexterieur-filli\\\/\",\"name\":\"Sac \u00e0 dos d'ext\u00e9rieur F\u0130LL\u0130 - Promosyon \u00c7anta imalat\u0131, \u00dcretimi, \u00c7anta imalat\u00e7\u0131s\u0131 \u00dcreticisi istanbul\",\"isPartOf\":{\"@id\":\"https:\\\/\\\/genclercanta.com\\\/fr\\\/#website\"},\"primaryImageOfPage\":{\"@id\":\"https:\\\/\\\/genclercanta.com\\\/fr\\\/urunler\\\/sac-a-dos-dexterieur-filli\\\/#primaryimage\"},\"image\":{\"@id\":\"https:\\\/\\\/genclercanta.com\\\/fr\\\/urunler\\\/sac-a-dos-dexterieur-filli\\\/#primaryimage\"},\"thumbnailUrl\":\"https:\\\/\\\/genclercanta.com\\\/wp-content\\\/uploads\\\/2020\\\/10\\\/43-1.jpg\",\"datePublished\":\"2020-10-20T21:43:51+00:00\",\"description\":\"Sac \u00e0 dos d'ext\u00e9rieur F\u0130LL\u0130\",\"breadcrumb\":{\"@id\":\"https:\\\/\\\/genclercanta.com\\\/fr\\\/urunler\\\/sac-a-dos-dexterieur-filli\\\/#breadcrumb\"},\"inLanguage\":\"fr-FR\",\"potentialAction\":[{\"@type\":\"ReadAction\",\"target\":[\"https:\\\/\\\/genclercanta.com\\\/fr\\\/urunler\\\/sac-a-dos-dexterieur-filli\\\/\"]}]},{\"@type\":\"ImageObject\",\"inLanguage\":\"fr-FR\",\"@id\":\"https:\\\/\\\/genclercanta.com\\\/fr\\\/urunler\\\/sac-a-dos-dexterieur-filli\\\/#primaryimage\",\"url\":\"https:\\\/\\\/genclercanta.com\\\/wp-content\\\/uploads\\\/2020\\\/10\\\/43-1.jpg\",\"contentUrl\":\"https:\\\/\\\/genclercanta.com\\\/wp-content\\\/uploads\\\/2020\\\/10\\\/43-1.jpg\",\"width\":1000,\"height\":1000},{\"@type\":\"BreadcrumbList\",\"@id\":\"https:\\\/\\\/genclercanta.com\\\/fr\\\/urunler\\\/sac-a-dos-dexterieur-filli\\\/#breadcrumb\",\"itemListElement\":[{\"@type\":\"ListItem\",\"position\":1,\"name\":\"Ana sayfa\",\"item\":\"https:\\\/\\\/genclercanta.com\\\/fr\\\/\"},{\"@type\":\"ListItem\",\"position\":2,\"name\":\"Boutique\",\"item\":\"https:\\\/\\\/genclercanta.com\\\/fr\\\/boutique\\\/\"},{\"@type\":\"ListItem\",\"position\":3,\"name\":\"Sac \u00e0 dos d&rsquo;ext\u00e9rieur F\u0130LL\u0130\"}]},{\"@type\":\"WebSite\",\"@id\":\"https:\\\/\\\/genclercanta.com\\\/fr\\\/#website\",\"url\":\"https:\\\/\\\/genclercanta.com\\\/fr\\\/\",\"name\":\"Gen\u00e7ler \u00c7anta | Promosyon ve Toptan \u00c7anta \u00dcreticisi\",\"description\":\"T\u00fcrkiyenin Toptan, Promosyon Kurumsal \u00c7anta \u0130malat\u00e7\u0131s\u0131\",\"publisher\":{\"@id\":\"https:\\\/\\\/genclercanta.com\\\/fr\\\/#organization\"},\"alternateName\":\"Gen\u00e7ler \u00c7anta\",\"potentialAction\":[{\"@type\":\"SearchAction\",\"target\":{\"@type\":\"EntryPoint\",\"urlTemplate\":\"https:\\\/\\\/genclercanta.com\\\/fr\\\/?s={search_term_string}\"},\"query-input\":{\"@type\":\"PropertyValueSpecification\",\"valueRequired\":true,\"valueName\":\"search_term_string\"}}],\"inLanguage\":\"fr-FR\"},{\"@type\":\"Organization\",\"@id\":\"https:\\\/\\\/genclercanta.com\\\/fr\\\/#organization\",\"name\":\"Gen\u00e7ler \u00c7anta\",\"alternateName\":\"Gen\u00e7ler \u00c7anta\",\"url\":\"https:\\\/\\\/genclercanta.com\\\/fr\\\/\",\"logo\":{\"@type\":\"ImageObject\",\"inLanguage\":\"fr-FR\",\"@id\":\"https:\\\/\\\/genclercanta.com\\\/fr\\\/#\\\/schema\\\/logo\\\/image\\\/\",\"url\":\"https:\\\/\\\/genclercanta.com\\\/wp-content\\\/uploads\\\/2020\\\/10\\\/gencler-canta-logo.jpg\",\"contentUrl\":\"https:\\\/\\\/genclercanta.com\\\/wp-content\\\/uploads\\\/2020\\\/10\\\/gencler-canta-logo.jpg\",\"width\":600,\"height\":133,\"caption\":\"Gen\u00e7ler \u00c7anta\"},\"image\":{\"@id\":\"https:\\\/\\\/genclercanta.com\\\/fr\\\/#\\\/schema\\\/logo\\\/image\\\/\"},\"sameAs\":[\"https:\\\/\\\/www.facebook.com\\\/GenclerCantacom\\\/\",\"https:\\\/\\\/www.instagram.com\\\/genclercanta\\\/\"],\"description\":\"Gen\u00e7ler \u00c7anta, 1985 y\u0131l\u0131nda \u0130stanbul\u2019da kurulan ve \u00e7anta sekt\u00f6r\u00fcnde T\u00fcrkiye\u2019nin lider firmalar\u0131ndan biri haline gelmi\u015ftir. Kaliteli \u00fcr\u00fcnler, m\u00fc\u015fteri memnuniyeti odakl\u0131 hizmet anlay\u0131\u015f\u0131 ve s\u00fcrekli geli\u015fim vizyonuyla sekt\u00f6rdeki ba\u015far\u0131s\u0131n\u0131 s\u00fcrd\u00fcrmektedir. \u015eirketimiz, her ya\u015f grubuna hitap eden zengin \u00fcr\u00fcn yelpazesi ile \u00e7e\u015fitli \u00e7\u00f6z\u00fcm se\u00e7enekleri sunmaktad\u0131r.\",\"email\":\"gencler@genclercanta.com\",\"telephone\":\"+90 212 567 92 65\",\"legalName\":\"Gen\u00e7ler \u00c7Anta\",\"foundingDate\":\"1985-02-01\",\"numberOfEmployees\":{\"@type\":\"QuantitativeValue\",\"minValue\":\"1\",\"maxValue\":\"10\"}}]}<\/script>\n<!-- \/ Yoast SEO Premium plugin. -->","yoast_head_json":{"title":"Sac \u00e0 dos d'ext\u00e9rieur F\u0130LL\u0130 - Promosyon \u00c7anta imalat\u0131, \u00dcretimi, \u00c7anta imalat\u00e7\u0131s\u0131 \u00dcreticisi istanbul","description":"Sac \u00e0 dos d'ext\u00e9rieur F\u0130LL\u0130","robots":{"index":"index","follow":"follow","max-snippet":"max-snippet:-1","max-image-preview":"max-image-preview:large","max-video-preview":"max-video-preview:-1"},"canonical":"https:\/\/genclercanta.com\/fr\/urunler\/sac-a-dos-dexterieur-filli\/","og_locale":"fr_FR","og_type":"article","og_title":"Sac \u00e0 dos d'ext\u00e9rieur F\u0130LL\u0130","og_description":"Sac \u00e0 dos d'ext\u00e9rieur F\u0130LL\u0130","og_url":"https:\/\/genclercanta.com\/fr\/urunler\/sac-a-dos-dexterieur-filli\/","og_site_name":"Promosyon \u00c7anta imalat\u0131, \u00dcretimi, \u00c7anta imalat\u00e7\u0131s\u0131 \u00dcreticisi istanbul","article_publisher":"https:\/\/www.facebook.com\/GenclerCantacom\/","og_image":[{"width":1000,"height":1000,"url":"https:\/\/genclercanta.com\/wp-content\/uploads\/2020\/10\/43-1.jpg","type":"image\/jpeg"}],"schema":{"@context":"https:\/\/schema.org","@graph":[{"@type":"WebPage","@id":"https:\/\/genclercanta.com\/fr\/urunler\/sac-a-dos-dexterieur-filli\/","url":"https:\/\/genclercanta.com\/fr\/urunler\/sac-a-dos-dexterieur-filli\/","name":"Sac \u00e0 dos d'ext\u00e9rieur F\u0130LL\u0130 - Promosyon \u00c7anta imalat\u0131, \u00dcretimi, \u00c7anta imalat\u00e7\u0131s\u0131 \u00dcreticisi istanbul","isPartOf":{"@id":"https:\/\/genclercanta.com\/fr\/#website"},"primaryImageOfPage":{"@id":"https:\/\/genclercanta.com\/fr\/urunler\/sac-a-dos-dexterieur-filli\/#primaryimage"},"image":{"@id":"https:\/\/genclercanta.com\/fr\/urunler\/sac-a-dos-dexterieur-filli\/#primaryimage"},"thumbnailUrl":"https:\/\/genclercanta.com\/wp-content\/uploads\/2020\/10\/43-1.jpg","datePublished":"2020-10-20T21:43:51+00:00","description":"Sac \u00e0 dos d'ext\u00e9rieur F\u0130LL\u0130","breadcrumb":{"@id":"https:\/\/genclercanta.com\/fr\/urunler\/sac-a-dos-dexterieur-filli\/#breadcrumb"},"inLanguage":"fr-FR","potentialAction":[{"@type":"ReadAction","target":["https:\/\/genclercanta.com\/fr\/urunler\/sac-a-dos-dexterieur-filli\/"]}]},{"@type":"ImageObject","inLanguage":"fr-FR","@id":"https:\/\/genclercanta.com\/fr\/urunler\/sac-a-dos-dexterieur-filli\/#primaryimage","url":"https:\/\/genclercanta.com\/wp-content\/uploads\/2020\/10\/43-1.jpg","contentUrl":"https:\/\/genclercanta.com\/wp-content\/uploads\/2020\/10\/43-1.jpg","width":1000,"height":1000},{"@type":"BreadcrumbList","@id":"https:\/\/genclercanta.com\/fr\/urunler\/sac-a-dos-dexterieur-filli\/#breadcrumb","itemListElement":[{"@type":"ListItem","position":1,"name":"Ana sayfa","item":"https:\/\/genclercanta.com\/fr\/"},{"@type":"ListItem","position":2,"name":"Boutique","item":"https:\/\/genclercanta.com\/fr\/boutique\/"},{"@type":"ListItem","position":3,"name":"Sac \u00e0 dos d&rsquo;ext\u00e9rieur F\u0130LL\u0130"}]},{"@type":"WebSite","@id":"https:\/\/genclercanta.com\/fr\/#website","url":"https:\/\/genclercanta.com\/fr\/","name":"Gen\u00e7ler \u00c7anta | Promosyon ve Toptan \u00c7anta \u00dcreticisi","description":"T\u00fcrkiyenin Toptan, Promosyon Kurumsal \u00c7anta \u0130malat\u00e7\u0131s\u0131","publisher":{"@id":"https:\/\/genclercanta.com\/fr\/#organization"},"alternateName":"Gen\u00e7ler \u00c7anta","potentialAction":[{"@type":"SearchAction","target":{"@type":"EntryPoint","urlTemplate":"https:\/\/genclercanta.com\/fr\/?s={search_term_string}"},"query-input":{"@type":"PropertyValueSpecification","valueRequired":true,"valueName":"search_term_string"}}],"inLanguage":"fr-FR"},{"@type":"Organization","@id":"https:\/\/genclercanta.com\/fr\/#organization","name":"Gen\u00e7ler \u00c7anta","alternateName":"Gen\u00e7ler \u00c7anta","url":"https:\/\/genclercanta.com\/fr\/","logo":{"@type":"ImageObject","inLanguage":"fr-FR","@id":"https:\/\/genclercanta.com\/fr\/#\/schema\/logo\/image\/","url":"https:\/\/genclercanta.com\/wp-content\/uploads\/2020\/10\/gencler-canta-logo.jpg","contentUrl":"https:\/\/genclercanta.com\/wp-content\/uploads\/2020\/10\/gencler-canta-logo.jpg","width":600,"height":133,"caption":"Gen\u00e7ler \u00c7anta"},"image":{"@id":"https:\/\/genclercanta.com\/fr\/#\/schema\/logo\/image\/"},"sameAs":["https:\/\/www.facebook.com\/GenclerCantacom\/","https:\/\/www.instagram.com\/genclercanta\/"],"description":"Gen\u00e7ler \u00c7anta, 1985 y\u0131l\u0131nda \u0130stanbul\u2019da kurulan ve \u00e7anta sekt\u00f6r\u00fcnde T\u00fcrkiye\u2019nin lider firmalar\u0131ndan biri haline gelmi\u015ftir. Kaliteli \u00fcr\u00fcnler, m\u00fc\u015fteri memnuniyeti odakl\u0131 hizmet anlay\u0131\u015f\u0131 ve s\u00fcrekli geli\u015fim vizyonuyla sekt\u00f6rdeki ba\u015far\u0131s\u0131n\u0131 s\u00fcrd\u00fcrmektedir. \u015eirketimiz, her ya\u015f grubuna hitap eden zengin \u00fcr\u00fcn yelpazesi ile \u00e7e\u015fitli \u00e7\u00f6z\u00fcm se\u00e7enekleri sunmaktad\u0131r.","email":"gencler@genclercanta.com","telephone":"+90 212 567 92 65","legalName":"Gen\u00e7ler \u00c7Anta","foundingDate":"1985-02-01","numberOfEmployees":{"@type":"QuantitativeValue","minValue":"1","maxValue":"10"}}]}},"_links":{"self":[{"href":"https:\/\/genclercanta.com\/fr\/wp-json\/wp\/v2\/product\/129383","targetHints":{"allow":["GET"]}}],"collection":[{"href":"https:\/\/genclercanta.com\/fr\/wp-json\/wp\/v2\/product"}],"about":[{"href":"https:\/\/genclercanta.com\/fr\/wp-json\/wp\/v2\/types\/product"}],"replies":[{"embeddable":true,"href":"https:\/\/genclercanta.com\/fr\/wp-json\/wp\/v2\/comments?post=129383"}],"wp:featuredmedia":[{"embeddable":true,"href":"https:\/\/genclercanta.com\/fr\/wp-json\/wp\/v2\/media\/50280"}],"wp:attachment":[{"href":"https:\/\/genclercanta.com\/fr\/wp-json\/wp\/v2\/media?parent=129383"}],"wp:term":[{"taxonomy":"product_brand","embeddable":true,"href":"https:\/\/genclercanta.com\/fr\/wp-json\/wp\/v2\/product_brand?post=129383"},{"taxonomy":"product_cat","embeddable":true,"href":"https:\/\/genclercanta.com\/fr\/wp-json\/wp\/v2\/product_cat?post=129383"},{"taxonomy":"product_tag","embeddable":true,"href":"https:\/\/genclercanta.com\/fr\/wp-json\/wp\/v2\/product_tag?post=129383"}],"curies":[{"name":"wp","href":"https:\/\/api.w.org\/{rel}","templated":true}]}}